{"id":3638,"date":"2021-04-12T14:39:21","date_gmt":"2021-04-12T12:39:21","guid":{"rendered":"https:\/\/www.cliniqueveterinairegrosbois.fr\/?post_type=fiche_info_sante&#038;p=3638"},"modified":"2021-06-16T15:48:36","modified_gmt":"2021-06-16T13:48:36","slug":"fracture-de-la-tete-et-de-la-machoire","status":"publish","type":"fiche_info_sante","link":"http:\/\/www.cliniqueveterinairegrosbois.fr\/fr\/fiches-info-sante\/fracture-de-la-tete-et-de-la-machoire\/","title":{"rendered":"Fracture de la t\u00eate et de la m\u00e2choire"},"content":{"rendered":"\n<section class=\"page-banner-section no-banner-page-section\" itemprop=\"hasPart\" itemscope itemtype=\"https:\/\/schema.org\/WebPageElement\">\n  \n    <section class=\"block-grid-wrapper block-grid-for-core-heading banner-heading banner-heading-\">\n      \n      <div class=\"default-editor-content grid-for-core-heading grid-container\">\n        <div class=\"grid-x grid-padding-x align-center\">\n          <div class=\"cell\">\n                        <h1>Fracture de la t\u00eate et de la m\u00e2choire<\/h1>\n                      <\/div>\n        <\/div>\n      <\/div>\n    <\/section>\n\n  <\/section>\n\n\n<section class=\"block-grid-wrapper block-grid-for-core-paragraph\">\n      <div class=\"default-editor-content grid-for-core-paragraph grid-container\">\n        <div class=\"grid-x grid-padding-x align-center\">\n          <div class=\"cell\">\n            \n<p>Les fractures au niveau de la t\u00eate sont relativement fr\u00e9quentes.<\/p>\n          <\/div>\n        <\/div>\n      <\/div>\n\n      <\/section>\n\n<section class=\"block-grid-wrapper block-grid-for-core-paragraph\">\n      <div class=\"default-editor-content grid-for-core-paragraph grid-container\">\n        <div class=\"grid-x grid-padding-x align-center\">\n          <div class=\"cell\">\n            \n<p>Les fractures des mandibules concernent le plus souvent l\u2019os incisif. Un cerclage est alors indiqu\u00e9. Si le cheval est coop\u00e9ratif cela peut \u00eatre r\u00e9alis\u00e9 debout.<\/p>\n          <\/div>\n        <\/div>\n      <\/div>\n\n      <\/section>\n\n<section class=\"block-grid-wrapper block-grid-for-core-image\">\n      <div class=\"default-editor-content grid-for-core-image grid-container\">\n        <div class=\"grid-x grid-padding-x align-center\">\n          <div class=\"cell\">\n            \n<figure class=\"wp-block-image size-large\"><img loading=\"lazy\" decoding=\"async\" width=\"443\" height=\"443\" src=\"https:\/\/www.cliniqueveterinairegrosbois.fr\/wp-content\/uploads\/2021\/05\/Capture-du2019e\u0301cran-2019-08-16-a\u0300-15.43.54.png\" alt=\"Fracture de la mandibule\" class=\"wp-image-3077\" srcset=\"https:\/\/www.cliniqueveterinairegrosbois.fr\/wp-content\/uploads\/2021\/05\/Capture-du2019e\u0301cran-2019-08-16-a\u0300-15.43.54.png 443w, https:\/\/www.cliniqueveterinairegrosbois.fr\/wp-content\/uploads\/2021\/05\/Capture-du2019e\u0301cran-2019-08-16-a\u0300-15.43.54-300x300.png 300w, https:\/\/www.cliniqueveterinairegrosbois.fr\/wp-content\/uploads\/2021\/05\/Capture-du2019e\u0301cran-2019-08-16-a\u0300-15.43.54-150x150.png 150w, https:\/\/www.cliniqueveterinairegrosbois.fr\/wp-content\/uploads\/2021\/05\/Capture-du2019e\u0301cran-2019-08-16-a\u0300-15.43.54-100x100.png 100w\" sizes=\"(max-width: 443px) 100vw, 443px\" \/><figcaption><em>Cerclage dentaire<\/em><\/figcaption><\/figure>\n          <\/div>\n        <\/div>\n      <\/div>\n\n      <\/section>\n\n<section class=\"block-grid-wrapper block-grid-for-core-paragraph\">\n      <div class=\"default-editor-content grid-for-core-paragraph grid-container\">\n        <div class=\"grid-x grid-padding-x align-center\">\n          <div class=\"cell\">\n            \n<p>Lorsque la fracture concerne les barres ou la branche montante, une chirurgie plus compliqu\u00e9e avec mise en place de plaque est indiqu\u00e9e.<\/p>\n          <\/div>\n        <\/div>\n      <\/div>\n\n      <\/section>\n\n<section class=\"block-grid-wrapper block-grid-for-core-image\">\n      <div class=\"default-editor-content grid-for-core-image grid-container\">\n        <div class=\"grid-x grid-padding-x align-center\">\n          <div class=\"cell\">\n            \n<figure class=\"wp-block-image size-large\"><img loading=\"lazy\" decoding=\"async\" width=\"557\" height=\"248\" src=\"https:\/\/www.cliniqueveterinairegrosbois.fr\/wp-content\/uploads\/2021\/05\/Capture-du2019e\u0301cran-2015-03-14-a\u0300-15.44.11.png\" alt=\"Fracture de la machoire\" class=\"wp-image-3083\" srcset=\"https:\/\/www.cliniqueveterinairegrosbois.fr\/wp-content\/uploads\/2021\/05\/Capture-du2019e\u0301cran-2015-03-14-a\u0300-15.44.11.png 557w, https:\/\/www.cliniqueveterinairegrosbois.fr\/wp-content\/uploads\/2021\/05\/Capture-du2019e\u0301cran-2015-03-14-a\u0300-15.44.11-300x134.png 300w, https:\/\/www.cliniqueveterinairegrosbois.fr\/wp-content\/uploads\/2021\/05\/Capture-du2019e\u0301cran-2015-03-14-a\u0300-15.44.11-100x45.png 100w\" sizes=\"(max-width: 557px) 100vw, 557px\" \/><\/figure>\n          <\/div>\n        <\/div>\n      <\/div>\n\n      <\/section>\n\n<section class=\"block-grid-wrapper block-grid-for-core-paragraph\">\n      <div class=\"default-editor-content grid-for-core-paragraph grid-container\">\n        <div class=\"grid-x grid-padding-x align-center\">\n          <div class=\"cell\">\n            \n<p>Lorsque la fracture concerne les sinus, il peut \u00eatre n\u00e9cessaire de retirer les fragments libres afin d\u2019\u00e9viter la formation de s\u00e9questre (fragment osseux d\u00e9vitalis\u00e9).<\/p>\n          <\/div>\n        <\/div>\n      <\/div>\n\n      <\/section>\n\n<section class=\"block-grid-wrapper block-grid-for-core-paragraph\">\n      <div class=\"default-editor-content grid-for-core-paragraph grid-container\">\n        <div class=\"grid-x grid-padding-x align-center\">\n          <div class=\"cell\">\n            \n<p>Une chirurgie peut \u00eatre \u00e9galement indiqu\u00e9e si la fracture int\u00e9resse l\u2019arcade sourcili\u00e8re.<\/p>\n          <\/div>\n        <\/div>\n      <\/div>\n\n      <\/section>\n\n\n\t<section class=\"page-list-section\" itemprop=\"hasPart\" itemscope itemtype=\"https:\/\/schema.org\/WebPageElement\">\n\t\t<div class=\"grid-container grid-title\">\n      \n        <div class=\"grid-x grid-padding-x\">\n          <div class=\"cell\">\n            <h2 class=\"sante-title\">Sur le m\u00eame th\u00e8me<\/h2>                      <\/div>\n        <\/div>\n          <\/div>\n\n    <div class=\"grid-container grid-content\">\n\t\t\t<div class=\"grid-x grid-padding-x \">\n\n\t\t\t\t\t\t\t\t          <article class=\"cell medium-6 large-4 article-box fiche-box flex-container flex-dir-column post-3638 fiche_info_sante type-fiche_info_sante status-publish has-post-thumbnail hentry\" >\n                <meta itemprop=\"author\" content=\"Clinique v\u00e9t\u00e9rinaire de Grosbois\" \/>\n    <meta itemprop=\"image\" content=\"https:\/\/www.cliniqueveterinairegrosbois.fr\/wp-content\/uploads\/2021\/05\/Capture-du2019e\u0301cran-2015-03-14-a\u0300-15.44.11.png\" \/>\n    <meta itemprop=\"datePublished\" content=\"2021-04-12T14:39:21+02:00\" \/>\n    <meta itemprop=\"dateModified\" content=\"2021-06-16T15:48:36+02:00\" \/>\n    \n            <div class=\"news-content-wrapper\">\n                              <a href=\"http:\/\/www.cliniqueveterinairegrosbois.fr\/fr\/fiches-info-sante\/fracture-de-cervicale\/\" itemprop=\"url mainEntityOfPage\">\n                                    <figure>\n                    <img decoding=\"async\"  data-fade-in loading=\"lazy\" src=\"data:image\/png;base64,R0lGODlhAQABAAD\/ACwAAAAAAQABAAACADs=\" data-lazy-interchange=\"[https:\/\/www.cliniqueveterinairegrosbois.fr\/wp-content\/uploads\/2021\/05\/Capture-du2019e\u0301cran-2019-06-26-a\u0300-22.42.22-335x226.png, small], [https:\/\/www.cliniqueveterinairegrosbois.fr\/wp-content\/uploads\/2021\/05\/Capture-du2019e\u0301cran-2019-06-26-a\u0300-22.42.22-385x226.png, medium], [https:\/\/www.cliniqueveterinairegrosbois.fr\/wp-content\/uploads\/2021\/05\/Capture-du2019e\u0301cran-2019-06-26-a\u0300-22.42.22-336x200.png, large], [https:\/\/www.cliniqueveterinairegrosbois.fr\/wp-content\/uploads\/2021\/05\/Capture-du2019e\u0301cran-2019-06-26-a\u0300-22.42.22-670x452.png, retina], [https:\/\/www.cliniqueveterinairegrosbois.fr\/wp-content\/uploads\/2021\/05\/Capture-du2019e\u0301cran-2019-06-26-a\u0300-22.42.22-770x452.png, medium_retina], [https:\/\/www.cliniqueveterinairegrosbois.fr\/wp-content\/uploads\/2021\/05\/Capture-du2019e\u0301cran-2019-06-26-a\u0300-22.42.22-672x400.png, large_retina]\" data-interchange-sizes=\"{&quot;small&quot;:{&quot;w&quot;:335,&quot;h&quot;:226},&quot;medium&quot;:{&quot;w&quot;:385,&quot;h&quot;:226},&quot;large&quot;:{&quot;w&quot;:336,&quot;h&quot;:200},&quot;retina&quot;:{&quot;w&quot;:670,&quot;h&quot;:452},&quot;medium_retina&quot;:{&quot;w&quot;:770,&quot;h&quot;:452},&quot;large_retina&quot;:{&quot;w&quot;:672,&quot;h&quot;:400}}\"  alt=\"Fracture de la t\u00eate et de la m\u00e2choire\" itemprop=\"image\" data-fade-in \/>\n                  <\/figure>\n                <\/a>\n                              <div class=\"terms-wrap\">\n                  <span class=\"label text-center\">Chirurgie<\/span>\n                <\/div>\n                          <\/div>\n\n            <div class=\"article-box-content flex-child-grow flex-container flex-dir-column\">\n              <header class=\"entry-header flex-child-grow flex-container flex-dir-column\">\n\n                <a class=\"post-link flex-child-grow flex-container flex-dir-column\" href=\"http:\/\/www.cliniqueveterinairegrosbois.fr\/fr\/fiches-info-sante\/fracture-de-cervicale\/\">\n                  <h3 class=\"entry-name flex-child-grow seo-title\" itemprop=\"name headline\">Fracture de cervicale<\/h3>\n\n                  <button class=\"button\">Lire la fiche<i class=\"btn-arrow\"><svg xmlns=\"http:\/\/www.w3.org\/2000\/svg\" width=\"27.3\" height=\"10.418\"><path d=\"M24.902 4.779H.15v1.015l24.752.022-3.7 3.6.817.793L27.15 5.22v-.022L21.996.209l-.817.795z\" fill=\"#fff\" stroke=\"#fff\" stroke-width=\".3\" fill-rule=\"evenodd\"\/><\/svg><\/i><\/button>\n                <\/a>\n\n              <\/header>\n            <\/div>\n          <\/article>\n\t\t\t\t\t\t\t\t          <article class=\"cell medium-6 large-4 article-box fiche-box flex-container flex-dir-column post-3638 fiche_info_sante type-fiche_info_sante status-publish has-post-thumbnail hentry\" >\n                <meta itemprop=\"author\" content=\"Clinique v\u00e9t\u00e9rinaire de Grosbois\" \/>\n    <meta itemprop=\"image\" content=\"https:\/\/www.cliniqueveterinairegrosbois.fr\/wp-content\/uploads\/2021\/05\/Capture-du2019e\u0301cran-2015-03-14-a\u0300-15.44.11.png\" \/>\n    <meta itemprop=\"datePublished\" content=\"2021-04-12T14:39:21+02:00\" \/>\n    <meta itemprop=\"dateModified\" content=\"2021-06-16T15:48:36+02:00\" \/>\n    \n            <div class=\"news-content-wrapper\">\n                              <a href=\"http:\/\/www.cliniqueveterinairegrosbois.fr\/fr\/fiches-info-sante\/fractures-des-phalanges\/\" itemprop=\"url mainEntityOfPage\">\n                                    <figure>\n                    <img decoding=\"async\"  data-fade-in loading=\"lazy\" src=\"data:image\/png;base64,R0lGODlhAQABAAD\/ACwAAAAAAQABAAACADs=\" data-lazy-interchange=\"[https:\/\/www.cliniqueveterinairegrosbois.fr\/wp-content\/uploads\/2021\/05\/Capture-du2019e\u0301cran-2019-07-12-a\u0300-08.19.06-335x226.png, small], [https:\/\/www.cliniqueveterinairegrosbois.fr\/wp-content\/uploads\/2021\/05\/Capture-du2019e\u0301cran-2019-07-12-a\u0300-08.19.06-385x226.png, medium], [https:\/\/www.cliniqueveterinairegrosbois.fr\/wp-content\/uploads\/2021\/05\/Capture-du2019e\u0301cran-2019-07-12-a\u0300-08.19.06-336x200.png, large], [https:\/\/www.cliniqueveterinairegrosbois.fr\/wp-content\/uploads\/2021\/05\/Capture-du2019e\u0301cran-2019-07-12-a\u0300-08.19.06-670x452.png, retina], [https:\/\/www.cliniqueveterinairegrosbois.fr\/wp-content\/uploads\/2021\/05\/Capture-du2019e\u0301cran-2019-07-12-a\u0300-08.19.06-770x452.png, medium_retina], [https:\/\/www.cliniqueveterinairegrosbois.fr\/wp-content\/uploads\/2021\/05\/Capture-du2019e\u0301cran-2019-07-12-a\u0300-08.19.06-672x400.png, large_retina]\" data-interchange-sizes=\"{&quot;small&quot;:{&quot;w&quot;:335,&quot;h&quot;:226},&quot;medium&quot;:{&quot;w&quot;:385,&quot;h&quot;:226},&quot;large&quot;:{&quot;w&quot;:336,&quot;h&quot;:200},&quot;retina&quot;:{&quot;w&quot;:670,&quot;h&quot;:452},&quot;medium_retina&quot;:{&quot;w&quot;:770,&quot;h&quot;:452},&quot;large_retina&quot;:{&quot;w&quot;:672,&quot;h&quot;:400}}\"  alt=\"Fracture de la t\u00eate et de la m\u00e2choire\" itemprop=\"image\" data-fade-in \/>\n                  <\/figure>\n                <\/a>\n                              <div class=\"terms-wrap\">\n                  <span class=\"label text-center\">Chirurgie<\/span>\n                <\/div>\n                          <\/div>\n\n            <div class=\"article-box-content flex-child-grow flex-container flex-dir-column\">\n              <header class=\"entry-header flex-child-grow flex-container flex-dir-column\">\n\n                <a class=\"post-link flex-child-grow flex-container flex-dir-column\" href=\"http:\/\/www.cliniqueveterinairegrosbois.fr\/fr\/fiches-info-sante\/fractures-des-phalanges\/\">\n                  <h3 class=\"entry-name flex-child-grow seo-title\" itemprop=\"name headline\">Fractures des phalanges<\/h3>\n\n                  <button class=\"button\">Lire la fiche<i class=\"btn-arrow\"><svg xmlns=\"http:\/\/www.w3.org\/2000\/svg\" width=\"27.3\" height=\"10.418\"><path d=\"M24.902 4.779H.15v1.015l24.752.022-3.7 3.6.817.793L27.15 5.22v-.022L21.996.209l-.817.795z\" fill=\"#fff\" stroke=\"#fff\" stroke-width=\".3\" fill-rule=\"evenodd\"\/><\/svg><\/i><\/button>\n                <\/a>\n\n              <\/header>\n            <\/div>\n          <\/article>\n\t\t\t\t\t\t\t\t          <article class=\"cell medium-6 large-4 article-box fiche-box flex-container flex-dir-column post-3638 fiche_info_sante type-fiche_info_sante status-publish has-post-thumbnail hentry\" >\n                <meta itemprop=\"author\" content=\"Clinique v\u00e9t\u00e9rinaire de Grosbois\" \/>\n    <meta itemprop=\"image\" content=\"https:\/\/www.cliniqueveterinairegrosbois.fr\/wp-content\/uploads\/2021\/05\/Capture-du2019e\u0301cran-2015-03-14-a\u0300-15.44.11.png\" \/>\n    <meta itemprop=\"datePublished\" content=\"2021-04-12T14:39:21+02:00\" \/>\n    <meta itemprop=\"dateModified\" content=\"2021-06-16T15:48:36+02:00\" \/>\n    \n            <div class=\"news-content-wrapper\">\n                              <a href=\"http:\/\/www.cliniqueveterinairegrosbois.fr\/fr\/fiches-info-sante\/fractures-du-canon\/\" itemprop=\"url mainEntityOfPage\">\n                                    <figure>\n                    <img decoding=\"async\"  data-fade-in loading=\"lazy\" src=\"data:image\/png;base64,R0lGODlhAQABAAD\/ACwAAAAAAQABAAACADs=\" data-lazy-interchange=\"[https:\/\/www.cliniqueveterinairegrosbois.fr\/wp-content\/uploads\/2021\/05\/Capture-du2019e\u0301cran-2019-07-19-a\u0300-01.11.22-335x226.png, small], [https:\/\/www.cliniqueveterinairegrosbois.fr\/wp-content\/uploads\/2021\/05\/Capture-du2019e\u0301cran-2019-07-19-a\u0300-01.11.22-385x226.png, medium], [https:\/\/www.cliniqueveterinairegrosbois.fr\/wp-content\/uploads\/2021\/05\/Capture-du2019e\u0301cran-2019-07-19-a\u0300-01.11.22-336x200.png, large], [https:\/\/www.cliniqueveterinairegrosbois.fr\/wp-content\/uploads\/2021\/05\/Capture-du2019e\u0301cran-2019-07-19-a\u0300-01.11.22-539x364.png, retina], [https:\/\/www.cliniqueveterinairegrosbois.fr\/wp-content\/uploads\/2021\/05\/Capture-du2019e\u0301cran-2019-07-19-a\u0300-01.11.22-539x316.png, medium_retina], [https:\/\/www.cliniqueveterinairegrosbois.fr\/wp-content\/uploads\/2021\/05\/Capture-du2019e\u0301cran-2019-07-19-a\u0300-01.11.22-539x321.png, large_retina]\" data-interchange-sizes=\"{&quot;small&quot;:{&quot;w&quot;:335,&quot;h&quot;:226},&quot;medium&quot;:{&quot;w&quot;:385,&quot;h&quot;:226},&quot;large&quot;:{&quot;w&quot;:336,&quot;h&quot;:200},&quot;retina&quot;:{&quot;w&quot;:539,&quot;h&quot;:364},&quot;medium_retina&quot;:{&quot;w&quot;:539,&quot;h&quot;:316},&quot;large_retina&quot;:{&quot;w&quot;:539,&quot;h&quot;:321}}\"  alt=\"Fracture de la t\u00eate et de la m\u00e2choire\" itemprop=\"image\" data-fade-in \/>\n                  <\/figure>\n                <\/a>\n                              <div class=\"terms-wrap\">\n                  <span class=\"label text-center\">Chirurgie<\/span>\n                <\/div>\n                          <\/div>\n\n            <div class=\"article-box-content flex-child-grow flex-container flex-dir-column\">\n              <header class=\"entry-header flex-child-grow flex-container flex-dir-column\">\n\n                <a class=\"post-link flex-child-grow flex-container flex-dir-column\" href=\"http:\/\/www.cliniqueveterinairegrosbois.fr\/fr\/fiches-info-sante\/fractures-du-canon\/\">\n                  <h3 class=\"entry-name flex-child-grow seo-title\" itemprop=\"name headline\">Fractures du canon<\/h3>\n\n                  <button class=\"button\">Lire la fiche<i class=\"btn-arrow\"><svg xmlns=\"http:\/\/www.w3.org\/2000\/svg\" width=\"27.3\" height=\"10.418\"><path d=\"M24.902 4.779H.15v1.015l24.752.022-3.7 3.6.817.793L27.15 5.22v-.022L21.996.209l-.817.795z\" fill=\"#fff\" stroke=\"#fff\" stroke-width=\".3\" fill-rule=\"evenodd\"\/><\/svg><\/i><\/button>\n                <\/a>\n\n              <\/header>\n            <\/div>\n          <\/article>\n\t\t\t\t\n\t\t\t<\/div>\n\t\t<\/div>\n\t<\/section>\n\n","protected":false},"featured_media":3083,"template":"","categorie_de_fiche":[25],"acf":[],"yoast_head":"<!-- This site is optimized with the Yoast SEO plugin v23.3 - https:\/\/yoast.com\/wordpress\/plugins\/seo\/ -->\n<title>Fracture de la t\u00eate et de la m\u00e2choire - Clinique v\u00e9t\u00e9rinaire de Grosbois<\/title>\n<meta name=\"description\" content=\"Les fractures au niveau de la t\u00eate sont relativement fr\u00e9quentes. Les fractures des mandibules concernent le plus souvent l\u2019os incisif.\" \/>\n<meta name=\"robots\" content=\"index, follow, max-snippet:-1, max-image-preview:large, max-video-preview:-1\" \/>\n<link rel=\"canonical\" href=\"http:\/\/www.cliniqueveterinairegrosbois.fr\/fr\/fiches-info-sante\/fracture-de-la-tete-et-de-la-machoire\/\" \/>\n<meta property=\"og:locale\" content=\"fr_FR\" \/>\n<meta property=\"og:type\" content=\"article\" \/>\n<meta property=\"og:title\" content=\"Fracture de la t\u00eate et de la m\u00e2choire - Clinique v\u00e9t\u00e9rinaire de Grosbois\" \/>\n<meta property=\"og:description\" content=\"Les fractures au niveau de la t\u00eate sont relativement fr\u00e9quentes. Les fractures des mandibules concernent le plus souvent l\u2019os incisif.\" \/>\n<meta property=\"og:url\" content=\"http:\/\/www.cliniqueveterinairegrosbois.fr\/fr\/fiches-info-sante\/fracture-de-la-tete-et-de-la-machoire\/\" \/>\n<meta property=\"og:site_name\" content=\"Clinique v\u00e9t\u00e9rinaire de Grosbois\" \/>\n<meta property=\"article:publisher\" content=\"https:\/\/www.facebook.com\/cliniquegrosbois\" \/>\n<meta property=\"article:modified_time\" content=\"2021-06-16T13:48:36+00:00\" \/>\n<meta property=\"og:image\" content=\"https:\/\/www.cliniqueveterinairegrosbois.fr\/wp-content\/uploads\/2021\/05\/Capture-du2019e\u0301cran-2015-03-14-a\u0300-15.44.11.png\" \/>\n\t<meta property=\"og:image:width\" content=\"557\" \/>\n\t<meta property=\"og:image:height\" content=\"248\" \/>\n\t<meta property=\"og:image:type\" content=\"image\/png\" \/>\n<meta name=\"twitter:card\" content=\"summary_large_image\" \/>\n<meta name=\"twitter:label1\" content=\"Dur\u00e9e de lecture estim\u00e9e\" \/>\n\t<meta name=\"twitter:data1\" content=\"1 minute\" \/>\n<script type=\"application\/ld+json\" class=\"yoast-schema-graph\">{\"@context\":\"https:\/\/schema.org\",\"@graph\":[{\"@type\":\"WebPage\",\"@id\":\"http:\/\/www.cliniqueveterinairegrosbois.fr\/fr\/fiches-info-sante\/fracture-de-la-tete-et-de-la-machoire\/\",\"url\":\"http:\/\/www.cliniqueveterinairegrosbois.fr\/fr\/fiches-info-sante\/fracture-de-la-tete-et-de-la-machoire\/\",\"name\":\"Fracture de la t\u00eate et de la m\u00e2choire - Clinique v\u00e9t\u00e9rinaire de Grosbois\",\"isPartOf\":{\"@id\":\"http:\/\/www.cliniqueveterinairegrosbois.fr\/fr\/#website\"},\"primaryImageOfPage\":{\"@id\":\"http:\/\/www.cliniqueveterinairegrosbois.fr\/fr\/fiches-info-sante\/fracture-de-la-tete-et-de-la-machoire\/#primaryimage\"},\"image\":{\"@id\":\"http:\/\/www.cliniqueveterinairegrosbois.fr\/fr\/fiches-info-sante\/fracture-de-la-tete-et-de-la-machoire\/#primaryimage\"},\"thumbnailUrl\":\"https:\/\/www.cliniqueveterinairegrosbois.fr\/wp-content\/uploads\/2021\/05\/Capture-du2019e\u0301cran-2015-03-14-a\u0300-15.44.11.png\",\"datePublished\":\"2021-04-12T12:39:21+00:00\",\"dateModified\":\"2021-06-16T13:48:36+00:00\",\"description\":\"Les fractures au niveau de la t\u00eate sont relativement fr\u00e9quentes. Les fractures des mandibules concernent le plus souvent l\u2019os incisif.\",\"breadcrumb\":{\"@id\":\"http:\/\/www.cliniqueveterinairegrosbois.fr\/fr\/fiches-info-sante\/fracture-de-la-tete-et-de-la-machoire\/#breadcrumb\"},\"inLanguage\":\"fr-FR\",\"potentialAction\":[{\"@type\":\"ReadAction\",\"target\":[\"http:\/\/www.cliniqueveterinairegrosbois.fr\/fr\/fiches-info-sante\/fracture-de-la-tete-et-de-la-machoire\/\"]}]},{\"@type\":\"ImageObject\",\"inLanguage\":\"fr-FR\",\"@id\":\"http:\/\/www.cliniqueveterinairegrosbois.fr\/fr\/fiches-info-sante\/fracture-de-la-tete-et-de-la-machoire\/#primaryimage\",\"url\":\"https:\/\/www.cliniqueveterinairegrosbois.fr\/wp-content\/uploads\/2021\/05\/Capture-du2019e\u0301cran-2015-03-14-a\u0300-15.44.11.png\",\"contentUrl\":\"https:\/\/www.cliniqueveterinairegrosbois.fr\/wp-content\/uploads\/2021\/05\/Capture-du2019e\u0301cran-2015-03-14-a\u0300-15.44.11.png\",\"width\":557,\"height\":248,\"caption\":\"Fracture de la machoire\"},{\"@type\":\"BreadcrumbList\",\"@id\":\"http:\/\/www.cliniqueveterinairegrosbois.fr\/fr\/fiches-info-sante\/fracture-de-la-tete-et-de-la-machoire\/#breadcrumb\",\"itemListElement\":[{\"@type\":\"ListItem\",\"position\":1,\"name\":\"Accueil\",\"item\":\"http:\/\/www.cliniqueveterinairegrosbois.fr\/fr\/\"},{\"@type\":\"ListItem\",\"position\":2,\"name\":\"Fracture de la t\u00eate et de la m\u00e2choire\"}]},{\"@type\":\"WebSite\",\"@id\":\"http:\/\/www.cliniqueveterinairegrosbois.fr\/fr\/#website\",\"url\":\"http:\/\/www.cliniqueveterinairegrosbois.fr\/fr\/\",\"name\":\"Clinique v\u00e9t\u00e9rinaire de Grosbois\",\"description\":\"\",\"publisher\":{\"@id\":\"http:\/\/www.cliniqueveterinairegrosbois.fr\/fr\/#organization\"},\"potentialAction\":[{\"@type\":\"SearchAction\",\"target\":{\"@type\":\"EntryPoint\",\"urlTemplate\":\"http:\/\/www.cliniqueveterinairegrosbois.fr\/fr\/?s={search_term_string}\"},\"query-input\":\"required name=search_term_string\"}],\"inLanguage\":\"fr-FR\"},{\"@type\":\"Organization\",\"@id\":\"http:\/\/www.cliniqueveterinairegrosbois.fr\/fr\/#organization\",\"name\":\"Clinique v\u00e9t\u00e9rinaire de Grosbois\",\"url\":\"http:\/\/www.cliniqueveterinairegrosbois.fr\/fr\/\",\"logo\":{\"@type\":\"ImageObject\",\"inLanguage\":\"fr-FR\",\"@id\":\"http:\/\/www.cliniqueveterinairegrosbois.fr\/fr\/#\/schema\/logo\/image\/\",\"url\":\"https:\/\/www.cliniqueveterinairegrosbois.fr\/wp-content\/uploads\/2021\/06\/Logo-ai.jpg\",\"contentUrl\":\"https:\/\/www.cliniqueveterinairegrosbois.fr\/wp-content\/uploads\/2021\/06\/Logo-ai.jpg\",\"width\":1600,\"height\":1200,\"caption\":\"Clinique v\u00e9t\u00e9rinaire de Grosbois\"},\"image\":{\"@id\":\"http:\/\/www.cliniqueveterinairegrosbois.fr\/fr\/#\/schema\/logo\/image\/\"},\"sameAs\":[\"https:\/\/www.facebook.com\/cliniquegrosbois\",\"https:\/\/www.instagram.com\/clinique.de.grosbois\/\",\"https:\/\/fr.linkedin.com\/company\/clinique-veterinaire-de-grosbois\"]}]}<\/script>\n<!-- \/ Yoast SEO plugin. -->","yoast_head_json":{"title":"Fracture de la t\u00eate et de la m\u00e2choire - Clinique v\u00e9t\u00e9rinaire de Grosbois","description":"Les fractures au niveau de la t\u00eate sont relativement fr\u00e9quentes. Les fractures des mandibules concernent le plus souvent l\u2019os incisif.","robots":{"index":"index","follow":"follow","max-snippet":"max-snippet:-1","max-image-preview":"max-image-preview:large","max-video-preview":"max-video-preview:-1"},"canonical":"http:\/\/www.cliniqueveterinairegrosbois.fr\/fr\/fiches-info-sante\/fracture-de-la-tete-et-de-la-machoire\/","og_locale":"fr_FR","og_type":"article","og_title":"Fracture de la t\u00eate et de la m\u00e2choire - Clinique v\u00e9t\u00e9rinaire de Grosbois","og_description":"Les fractures au niveau de la t\u00eate sont relativement fr\u00e9quentes. Les fractures des mandibules concernent le plus souvent l\u2019os incisif.","og_url":"http:\/\/www.cliniqueveterinairegrosbois.fr\/fr\/fiches-info-sante\/fracture-de-la-tete-et-de-la-machoire\/","og_site_name":"Clinique v\u00e9t\u00e9rinaire de Grosbois","article_publisher":"https:\/\/www.facebook.com\/cliniquegrosbois","article_modified_time":"2021-06-16T13:48:36+00:00","og_image":[{"width":557,"height":248,"url":"https:\/\/www.cliniqueveterinairegrosbois.fr\/wp-content\/uploads\/2021\/05\/Capture-du2019e\u0301cran-2015-03-14-a\u0300-15.44.11.png","type":"image\/png"}],"twitter_card":"summary_large_image","twitter_misc":{"Dur\u00e9e de lecture estim\u00e9e":"1 minute"},"schema":{"@context":"https:\/\/schema.org","@graph":[{"@type":"WebPage","@id":"http:\/\/www.cliniqueveterinairegrosbois.fr\/fr\/fiches-info-sante\/fracture-de-la-tete-et-de-la-machoire\/","url":"http:\/\/www.cliniqueveterinairegrosbois.fr\/fr\/fiches-info-sante\/fracture-de-la-tete-et-de-la-machoire\/","name":"Fracture de la t\u00eate et de la m\u00e2choire - Clinique v\u00e9t\u00e9rinaire de Grosbois","isPartOf":{"@id":"http:\/\/www.cliniqueveterinairegrosbois.fr\/fr\/#website"},"primaryImageOfPage":{"@id":"http:\/\/www.cliniqueveterinairegrosbois.fr\/fr\/fiches-info-sante\/fracture-de-la-tete-et-de-la-machoire\/#primaryimage"},"image":{"@id":"http:\/\/www.cliniqueveterinairegrosbois.fr\/fr\/fiches-info-sante\/fracture-de-la-tete-et-de-la-machoire\/#primaryimage"},"thumbnailUrl":"https:\/\/www.cliniqueveterinairegrosbois.fr\/wp-content\/uploads\/2021\/05\/Capture-du2019e\u0301cran-2015-03-14-a\u0300-15.44.11.png","datePublished":"2021-04-12T12:39:21+00:00","dateModified":"2021-06-16T13:48:36+00:00","description":"Les fractures au niveau de la t\u00eate sont relativement fr\u00e9quentes. Les fractures des mandibules concernent le plus souvent l\u2019os incisif.","breadcrumb":{"@id":"http:\/\/www.cliniqueveterinairegrosbois.fr\/fr\/fiches-info-sante\/fracture-de-la-tete-et-de-la-machoire\/#breadcrumb"},"inLanguage":"fr-FR","potentialAction":[{"@type":"ReadAction","target":["http:\/\/www.cliniqueveterinairegrosbois.fr\/fr\/fiches-info-sante\/fracture-de-la-tete-et-de-la-machoire\/"]}]},{"@type":"ImageObject","inLanguage":"fr-FR","@id":"http:\/\/www.cliniqueveterinairegrosbois.fr\/fr\/fiches-info-sante\/fracture-de-la-tete-et-de-la-machoire\/#primaryimage","url":"https:\/\/www.cliniqueveterinairegrosbois.fr\/wp-content\/uploads\/2021\/05\/Capture-du2019e\u0301cran-2015-03-14-a\u0300-15.44.11.png","contentUrl":"https:\/\/www.cliniqueveterinairegrosbois.fr\/wp-content\/uploads\/2021\/05\/Capture-du2019e\u0301cran-2015-03-14-a\u0300-15.44.11.png","width":557,"height":248,"caption":"Fracture de la machoire"},{"@type":"BreadcrumbList","@id":"http:\/\/www.cliniqueveterinairegrosbois.fr\/fr\/fiches-info-sante\/fracture-de-la-tete-et-de-la-machoire\/#breadcrumb","itemListElement":[{"@type":"ListItem","position":1,"name":"Accueil","item":"http:\/\/www.cliniqueveterinairegrosbois.fr\/fr\/"},{"@type":"ListItem","position":2,"name":"Fracture de la t\u00eate et de la m\u00e2choire"}]},{"@type":"WebSite","@id":"http:\/\/www.cliniqueveterinairegrosbois.fr\/fr\/#website","url":"http:\/\/www.cliniqueveterinairegrosbois.fr\/fr\/","name":"Clinique v\u00e9t\u00e9rinaire de Grosbois","description":"","publisher":{"@id":"http:\/\/www.cliniqueveterinairegrosbois.fr\/fr\/#organization"},"potentialAction":[{"@type":"SearchAction","target":{"@type":"EntryPoint","urlTemplate":"http:\/\/www.cliniqueveterinairegrosbois.fr\/fr\/?s={search_term_string}"},"query-input":"required name=search_term_string"}],"inLanguage":"fr-FR"},{"@type":"Organization","@id":"http:\/\/www.cliniqueveterinairegrosbois.fr\/fr\/#organization","name":"Clinique v\u00e9t\u00e9rinaire de Grosbois","url":"http:\/\/www.cliniqueveterinairegrosbois.fr\/fr\/","logo":{"@type":"ImageObject","inLanguage":"fr-FR","@id":"http:\/\/www.cliniqueveterinairegrosbois.fr\/fr\/#\/schema\/logo\/image\/","url":"https:\/\/www.cliniqueveterinairegrosbois.fr\/wp-content\/uploads\/2021\/06\/Logo-ai.jpg","contentUrl":"https:\/\/www.cliniqueveterinairegrosbois.fr\/wp-content\/uploads\/2021\/06\/Logo-ai.jpg","width":1600,"height":1200,"caption":"Clinique v\u00e9t\u00e9rinaire de Grosbois"},"image":{"@id":"http:\/\/www.cliniqueveterinairegrosbois.fr\/fr\/#\/schema\/logo\/image\/"},"sameAs":["https:\/\/www.facebook.com\/cliniquegrosbois","https:\/\/www.instagram.com\/clinique.de.grosbois\/","https:\/\/fr.linkedin.com\/company\/clinique-veterinaire-de-grosbois"]}]}},"_links":{"self":[{"href":"http:\/\/www.cliniqueveterinairegrosbois.fr\/fr\/wp-json\/wp\/v2\/fiche_info_sante\/3638"}],"collection":[{"href":"http:\/\/www.cliniqueveterinairegrosbois.fr\/fr\/wp-json\/wp\/v2\/fiche_info_sante"}],"about":[{"href":"http:\/\/www.cliniqueveterinairegrosbois.fr\/fr\/wp-json\/wp\/v2\/types\/fiche_info_sante"}],"wp:featuredmedia":[{"embeddable":true,"href":"http:\/\/www.cliniqueveterinairegrosbois.fr\/fr\/wp-json\/wp\/v2\/media\/3083"}],"wp:attachment":[{"href":"http:\/\/www.cliniqueveterinairegrosbois.fr\/fr\/wp-json\/wp\/v2\/media?parent=3638"}],"wp:term":[{"taxonomy":"categorie_de_fiche","embeddable":true,"href":"http:\/\/www.cliniqueveterinairegrosbois.fr\/fr\/wp-json\/wp\/v2\/categorie_de_fiche?post=3638"}],"curies":[{"name":"wp","href":"https:\/\/api.w.org\/{rel}","templated":true}]}}